{"id":2367,"date":"2024-10-15T09:00:31","date_gmt":"2024-10-15T09:00:31","guid":{"rendered":"http:\/\/www.kmdpower.com\/?post_type=product&#038;p=2367"},"modified":"2025-02-19T10:42:57","modified_gmt":"2025-02-19T10:42:57","slug":"kamada-power-215kwh-commercial-energy-storage-systems-product","status":"publish","type":"product","link":"https:\/\/www.kmdpower.com\/hu\/kamada-power-215kwh-commercial-energy-storage-systems-product\/","title":{"rendered":"Kamada Power C&amp;I energiat\u00e1rol\u00e1s CESS 215kwh akkumul\u00e1tort\u00e1rol\u00f3 BESS ipari kereskedelmi energiat\u00e1rol\u00f3 rendszerek"},"content":{"rendered":"<div data-elementor-type=\"product-post\" data-elementor-id=\"2367\" class=\"elementor elementor-2367\" data-elementor-post-type=\"product\">\n\t\t\t\t<div class=\"elementor-element elementor-element-1a9da4cf e-flex e-con-boxed e-con e-parent\" data-id=\"1a9da4cf\" data-element_type=\"container\" data-settings=\"{&quot;_ha_eqh_enable&quot;:false}\">\n\t\t\t\t\t<div class=\"e-con-inner\">\n\t\t\t\t<div class=\"elementor-element elementor-element-5d297ec elementor-widget elementor-widget-text-editor\" data-id=\"5d297ec\" data-element_type=\"widget\" data-widget_type=\"text-editor.default\">\n\t\t\t\t<div class=\"elementor-widget-container\">\n\t\t\t\t\t\t\t<div data-v-e8ede2c6=\"\"><div id=\"rich-text-wrapper\" data-v-2d7200e4=\"\" data-v-e8ede2c6=\"\"><div id=\"wordStyleInEditor\" data-v-2d7200e4=\"\" data-v-e8ede2c6=\"\"><div data-v-2d7200e4=\"\" data-v-e8ede2c6=\"\"><h3 style=\"text-align: center;\">Mi az a 100KW 215 kWh akkumul\u00e1tor Kereskedelmi energiat\u00e1rol\u00f3 rendszer L\u00e9gh\u0171t\u00e9ses rendszer<\/h3><\/div><\/div><\/div><\/div><div id=\"div-a7irPfFFrJETRW8yiC4sRGmKxesy7dni\" data-v-e8ede2c6=\"\" data-v-2d7200e4=\"\" data-v-35abb0d8=\"\"><div data-v-e8ede2c6=\"\"><div id=\"rich-text-wrapper\" data-v-2d7200e4=\"\" data-v-e8ede2c6=\"\"><div id=\"wordStyleInEditor\" data-v-2d7200e4=\"\" data-v-e8ede2c6=\"\"><div data-v-2d7200e4=\"\" data-v-e8ede2c6=\"\"><p>100kw 200kwh \/ 215 kwh akkumul\u00e1tort\u00e1rol\u00f3 szekr\u00e9ny integr\u00e1lja az energiat\u00e1rol\u00f3 akkumul\u00e1torokat, PCS modulokat, EMS, 3 szint\u0171 akkumul\u00e1tor-kezel\u0151 rendszert, fotovoltaikus modulokat, eloszt\u00f3 dobozokat, ipari l\u00e9gkondicion\u00e1l\u00f3t stb. A speci\u00e1lis cs\u0151vezet\u00e9k-tervez\u00e9s r\u00e9v\u00e9n a h\u0151kezel\u00e9si rendszer optimaliz\u00e1lva van, hogy a rendszer biztons\u00e1gosabban \u00e9s hat\u00e9konyabban m\u0171k\u00f6dj\u00f6n.<\/p><\/div><\/div><\/div><\/div><\/div>\t\t\t\t\t\t<\/div>\n\t\t\t\t<\/div>\n\t\t\t\t<div class=\"elementor-element elementor-element-fcf5578 elementor-widget elementor-widget-image\" data-id=\"fcf5578\" data-element_type=\"widget\" data-widget_type=\"image.default\">\n\t\t\t\t<div class=\"elementor-widget-container\">\n\t\t\t\t\t\t\t\t\t\t\t\t\t<img fetchpriority=\"high\" decoding=\"async\" width=\"1000\" height=\"437\" src=\"https:\/\/www.kmdpower.com\/wp-content\/uploads\/kamada-power-200kwh-battery-commercial-energy-storage-system.jpg\" class=\"attachment-large size-large wp-image-1254\" alt=\"\" \/>\t\t\t\t\t\t\t\t\t\t\t\t\t<\/div>\n\t\t\t\t<\/div>\n\t\t\t\t<div class=\"elementor-element elementor-element-9780ed7 elementor-widget elementor-widget-heading\" data-id=\"9780ed7\" data-element_type=\"widget\" data-widget_type=\"heading.default\">\n\t\t\t\t<div class=\"elementor-widget-container\">\n\t\t\t<h3 class=\"elementor-heading-title elementor-size-default\">200 kWh \/ 215 kWh akkumul\u00e1toros kereskedelmi energiat\u00e1rol\u00f3 rendszer jellemz\u0151i<\/h3>\t\t<\/div>\n\t\t\t\t<\/div>\n\t\t\t\t\t<\/div>\n\t\t\t\t<\/div>\n\t\t<div class=\"elementor-element elementor-element-bf77eb9 e-flex e-con-boxed e-con e-parent\" data-id=\"bf77eb9\" data-element_type=\"container\" data-settings=\"{&quot;_ha_eqh_enable&quot;:false}\">\n\t\t\t\t\t<div class=\"e-con-inner\">\n\t\t<div class=\"elementor-element elementor-element-7aaaef0 e-con-full e-flex e-con e-child\" data-id=\"7aaaef0\" data-element_type=\"container\" data-settings=\"{&quot;_ha_eqh_enable&quot;:false}\">\n\t\t\t\t<div class=\"elementor-element elementor-element-4820560 elementor-widget elementor-widget-text-editor\" data-id=\"4820560\" data-element_type=\"widget\" data-widget_type=\"text-editor.default\">\n\t\t\t\t<div class=\"elementor-widget-container\">\n\t\t\t\t\t\t\t<img decoding=\"async\" class=\"alignnone size-full wp-image-2353\" src=\"http:\/\/www.kmdpower.com\/wp-content\/uploads\/icon-001.png\" alt=\"\" width=\"38\" height=\"36\" \/>\n<p style=\"color: #000000;\"><strong>Biztons\u00e1gos \u00e9s stabil<\/strong><\/p>\nH\u00e1romfokozat\u00fa v\u00e9delmi rendszerrel felszerelve a teljes k\u00f6r\u0171 rendszerv\u00e9delem megval\u00f3s\u00edt\u00e1sa \u00e9rdek\u00e9ben Prec\u00edz l\u00e9gh\u0171t\u00e9ses h\u0151m\u00e9rs\u00e9klet-szab\u00e1lyoz\u00e1s kialak\u00edt\u00e1sa a hossz\u00fa t\u00e1v\u00fa stabilit\u00e1s megval\u00f3s\u00edt\u00e1sa \u00e9rdek\u00e9ben.\t\t\t\t\t\t<\/div>\n\t\t\t\t<\/div>\n\t\t\t\t<\/div>\n\t\t<div class=\"elementor-element elementor-element-a5563d1 e-con-full e-flex e-con e-child\" data-id=\"a5563d1\" data-element_type=\"container\" data-settings=\"{&quot;_ha_eqh_enable&quot;:false}\">\n\t\t\t\t<div class=\"elementor-element elementor-element-b1c4667 elementor-widget elementor-widget-text-editor\" data-id=\"b1c4667\" data-element_type=\"widget\" data-widget_type=\"text-editor.default\">\n\t\t\t\t<div class=\"elementor-widget-container\">\n\t\t\t\t\t\t\t<img decoding=\"async\" class=\"alignnone size-full wp-image-2355\" src=\"http:\/\/www.kmdpower.com\/wp-content\/uploads\/icon-002.png\" alt=\"\" width=\"38\" height=\"36\" \/>\n<p style=\"color: #000000;\"><strong>T\u00f6bbsz\u00f6r\u00f6s el\u0151ny\u00f6k<\/strong><\/p>\nT\u00e1mogatja a keresletoldali v\u00e1laszad\u00e1st \u00e9s a virtu\u00e1lis er\u0151m\u0171vet, t\u00f6bbsz\u00f6r\u00f6s el\u0151ny\u00f6k megval\u00f3s\u00edt\u00e1s\u00e1val T\u00e1mogathatja az energiaszab\u00e1lyoz\u00e1si strat\u00e9gi\u00e1k dinamikus v\u00e1lt\u00e1s\u00e1t.\t\t\t\t\t\t<\/div>\n\t\t\t\t<\/div>\n\t\t\t\t<\/div>\n\t\t<div class=\"elementor-element elementor-element-230dbe5 e-con-full e-flex e-con e-child\" data-id=\"230dbe5\" data-element_type=\"container\" data-settings=\"{&quot;_ha_eqh_enable&quot;:false}\">\n\t\t\t\t<div class=\"elementor-element elementor-element-8635bec elementor-widget elementor-widget-text-editor\" data-id=\"8635bec\" data-element_type=\"widget\" data-widget_type=\"text-editor.default\">\n\t\t\t\t<div class=\"elementor-widget-container\">\n\t\t\t\t\t\t\t<img loading=\"lazy\" decoding=\"async\" class=\"alignnone size-medium wp-image-2356\" src=\"http:\/\/www.kmdpower.com\/wp-content\/uploads\/icon-003.png\" alt=\"\" width=\"38\" height=\"36\" \/>\n\n<p style=\"color: #000000;\"><strong>Intelligens szinergia<\/strong><\/p>\n\nIntelligens kapcsol\u00e1si strat\u00e9gi\u00e1k k\u00fcl\u00f6nb\u00f6z\u0151 forgat\u00f3k\u00f6nyvekhez: cs\u00facsid\u0151- \u00e9s v\u00f6lgytakar\u00e9koss\u00e1g, kapacit\u00e1skezel\u00e9s, dinamikus kapacit\u00e1sn\u00f6vel\u00e9s az \u00faj energiafogyaszt\u00e1shoz, helyi \u00e9s felh\u0151alap\u00fa fel\u00fcgyelet \u00e9s vez\u00e9rl\u00e9s \u00f6sszekapcsol\u00e1sa a programg\u00f6rb\u00e9kre val\u00f3 reag\u00e1l\u00e1shoz.\t\t\t\t\t\t<\/div>\n\t\t\t\t<\/div>\n\t\t\t\t<\/div>\n\t\t<div class=\"elementor-element elementor-element-a6b9358 e-con-full e-flex e-con e-child\" data-id=\"a6b9358\" data-element_type=\"container\" data-settings=\"{&quot;_ha_eqh_enable&quot;:false}\">\n\t\t\t\t<div class=\"elementor-element elementor-element-3f2a553 elementor-widget elementor-widget-text-editor\" data-id=\"3f2a553\" data-element_type=\"widget\" data-widget_type=\"text-editor.default\">\n\t\t\t\t<div class=\"elementor-widget-container\">\n\t\t\t\t\t\t\t<img loading=\"lazy\" decoding=\"async\" class=\"alignnone size-full wp-image-2357\" src=\"http:\/\/www.kmdpower.com\/wp-content\/uploads\/icon-004.png\" alt=\"\" width=\"38\" height=\"36\" \/>\n<p style=\"color: #000000;\"><strong>Magasan integr\u00e1lt<\/strong><\/p>\nA rendszer teljesen integr\u00e1lt, mag\u00e1ban foglalja az LFP ESS akkumul\u00e1torokat, PCS-t, EMS-t, FSS-t, TCS-t, IMS-t \u00e9s BMS-t.\t\t\t\t\t\t<\/div>\n\t\t\t\t<\/div>\n\t\t\t\t<\/div>\n\t\t<div class=\"elementor-element elementor-element-81c50c4 e-con-full e-flex e-con e-child\" data-id=\"81c50c4\" data-element_type=\"container\" data-settings=\"{&quot;_ha_eqh_enable&quot;:false}\">\n\t\t\t\t<div class=\"elementor-element elementor-element-7f4a2f1 elementor-widget elementor-widget-text-editor\" data-id=\"7f4a2f1\" data-element_type=\"widget\" data-widget_type=\"text-editor.default\">\n\t\t\t\t<div class=\"elementor-widget-container\">\n\t\t\t\t\t\t\t<img loading=\"lazy\" decoding=\"async\" class=\"alignnone size-full wp-image-2358\" src=\"http:\/\/www.kmdpower.com\/wp-content\/uploads\/icon-005.png\" alt=\"\" width=\"38\" height=\"36\" \/>\n<p style=\"color: #000000;\"><strong>Hossz\u00fa \u00e9lettartam<\/strong><\/p>\nAz els\u0151 oszt\u00e1ly\u00fa A+ LFP cell\u00e1k t\u00f6bb mint 6000 ciklust \u00e9s 10 \u00e9vn\u00e9l hosszabb \u00e9lettartamot biztos\u00edtanak.\t\t\t\t\t\t<\/div>\n\t\t\t\t<\/div>\n\t\t\t\t<\/div>\n\t\t<div class=\"elementor-element elementor-element-ee00666 e-con-full e-flex e-con e-child\" data-id=\"ee00666\" data-element_type=\"container\" data-settings=\"{&quot;_ha_eqh_enable&quot;:false}\">\n\t\t\t\t<div class=\"elementor-element elementor-element-df0ba8e elementor-widget elementor-widget-text-editor\" data-id=\"df0ba8e\" data-element_type=\"widget\" data-widget_type=\"text-editor.default\">\n\t\t\t\t<div class=\"elementor-widget-container\">\n\t\t\t\t\t\t\t<img loading=\"lazy\" decoding=\"async\" class=\"alignnone size-full wp-image-2359\" src=\"http:\/\/www.kmdpower.com\/wp-content\/uploads\/icon-006.png\" alt=\"\" width=\"38\" height=\"36\" \/>\n<p style=\"color: #000000;\"><strong>Modul\u00e1ris kialak\u00edt\u00e1s<\/strong><\/p>\nAC \u00e9s DC f\u00fcggetlen\u00fcl tervezhet\u0151 a rugalmas konfigur\u00e1ci\u00f3 megval\u00f3s\u00edt\u00e1sa \u00e9rdek\u00e9ben, egyetlen egys\u00e9g kis s\u00falya, k\u00f6nny\u0171 telep\u00edt\u00e9s.\t\t\t\t\t\t<\/div>\n\t\t\t\t<\/div>\n\t\t\t\t<\/div>\n\t\t<div class=\"elementor-element elementor-element-6fd6121 e-con-full e-flex e-con e-child\" data-id=\"6fd6121\" data-element_type=\"container\" data-settings=\"{&quot;_ha_eqh_enable&quot;:false}\">\n\t\t\t\t<div class=\"elementor-element elementor-element-7c98452 elementor-widget elementor-widget-text-editor\" data-id=\"7c98452\" data-element_type=\"widget\" data-widget_type=\"text-editor.default\">\n\t\t\t\t<div class=\"elementor-widget-container\">\n\t\t\t\t\t\t\t<img loading=\"lazy\" decoding=\"async\" class=\"alignnone size-full wp-image-2360\" src=\"http:\/\/www.kmdpower.com\/wp-content\/uploads\/icon-007.png\" alt=\"\" width=\"37\" height=\"35\" \/>\n<p style=\"color: #000000;\"><strong>T\u00e1vfel\u00fcgyelet<\/strong><\/p>\nAz akkumul\u00e1tor \u00e9s a rendszer m\u0171k\u00f6d\u00e9se t\u00e1volr\u00f3l, felh\u0151platformon kereszt\u00fcl fel\u00fcgyelhet\u0151, t\u00e1vkapcsol\u00e1si \u00e9s h\u00e1l\u00f3zati kikapcsol\u00e1si lehet\u0151s\u00e9gekkel.\t\t\t\t\t\t<\/div>\n\t\t\t\t<\/div>\n\t\t\t\t<\/div>\n\t\t<div class=\"elementor-element elementor-element-7d2f6ca e-con-full e-flex e-con e-child\" data-id=\"7d2f6ca\" data-element_type=\"container\" data-settings=\"{&quot;_ha_eqh_enable&quot;:false}\">\n\t\t\t\t<div class=\"elementor-element elementor-element-417a2f0 elementor-widget elementor-widget-text-editor\" data-id=\"417a2f0\" data-element_type=\"widget\" data-widget_type=\"text-editor.default\">\n\t\t\t\t<div class=\"elementor-widget-container\">\n\t\t\t\t\t\t\t<img loading=\"lazy\" decoding=\"async\" class=\"alignnone size-full wp-image-2361\" src=\"http:\/\/www.kmdpower.com\/wp-content\/uploads\/icon-008.png\" alt=\"\" width=\"38\" height=\"36\" \/>\n<p style=\"color: #000000;\"><strong>Sokoldal\u00fa funkci\u00f3k<\/strong><\/p>\nA mikroh\u00e1l\u00f3zati \u00e9s egy\u00e9b alkalmaz\u00e1sokhoz opcion\u00e1lis PV t\u00f6lt\u0151modulok, h\u00e1l\u00f3zaton k\u00edv\u00fcli kapcsol\u00f3modulok, inverterek, STS \u00e9s egy\u00e9b tartoz\u00e9kok \u00e1llnak rendelkez\u00e9sre.\t\t\t\t\t\t<\/div>\n\t\t\t\t<\/div>\n\t\t\t\t<\/div>\n\t\t<div class=\"elementor-element elementor-element-44bef8d e-con-full e-flex e-con e-child\" data-id=\"44bef8d\" data-element_type=\"container\" data-settings=\"{&quot;_ha_eqh_enable&quot;:false}\">\n\t\t\t\t<div class=\"elementor-element elementor-element-c944db1 elementor-widget elementor-widget-text-editor\" data-id=\"c944db1\" data-element_type=\"widget\" data-widget_type=\"text-editor.default\">\n\t\t\t\t<div class=\"elementor-widget-container\">\n\t\t\t\t\t\t\t<img loading=\"lazy\" decoding=\"async\" class=\"alignnone size-full wp-image-2362\" src=\"http:\/\/www.kmdpower.com\/wp-content\/uploads\/icon-009.png\" alt=\"\" width=\"38\" height=\"36\" \/>\n<p style=\"color: #000000;\"><strong>Intelligens ir\u00e1ny\u00edt\u00e1s<\/strong><\/p>\nA helyi vez\u00e9rl\u0151k\u00e9perny\u0151 k\u00fcl\u00f6nb\u00f6z\u0151 funkci\u00f3kat biztos\u00edt, mint p\u00e9ld\u00e1ul a rendszer m\u0171k\u00f6d\u00e9s\u00e9nek fel\u00fcgyelete, energiagazd\u00e1lkod\u00e1si strat\u00e9gia kialak\u00edt\u00e1sa, t\u00e1voli eszk\u00f6zfriss\u00edt\u00e9s \u00e9s \u00edgy tov\u00e1bb.\t\t\t\t\t\t<\/div>\n\t\t\t\t<\/div>\n\t\t\t\t<\/div>\n\t\t\t\t\t<\/div>\n\t\t\t\t<\/div>\n\t\t<div class=\"elementor-element elementor-element-15062cc e-flex e-con-boxed e-con e-parent\" data-id=\"15062cc\" data-element_type=\"container\" data-settings=\"{&quot;_ha_eqh_enable&quot;:false}\">\n\t\t\t\t\t<div class=\"e-con-inner\">\n\t\t\t\t<div class=\"elementor-element elementor-element-5470eef elementor-widget elementor-widget-text-editor\" data-id=\"5470eef\" data-element_type=\"widget\" data-widget_type=\"text-editor.default\">\n\t\t\t\t<div class=\"elementor-widget-container\">\n\t\t\t\t\t\t\t<h3 style=\"text-align: center;\">C&amp;I energiat\u00e1rol\u00f3 rendszer cs\u00facsok lefarag\u00e1sa \u00e9s v\u00f6lgyek kit\u00f6lt\u00e9se<\/h3><p style=\"text-align: center;\">Megoldja az eltolt cs\u00facsok probl\u00e9m\u00e1j\u00e1t, jav\u00edtja az energia min\u0151s\u00e9g\u00e9t, \u00e9s felk\u00e9sz\u00fcl az esetleges probl\u00e9m\u00e1kra.<\/p>\t\t\t\t\t\t<\/div>\n\t\t\t\t<\/div>\n\t\t\t\t<div class=\"elementor-element elementor-element-2e66171 elementor-widget elementor-widget-image\" data-id=\"2e66171\" data-element_type=\"widget\" data-widget_type=\"image.default\">\n\t\t\t\t<div class=\"elementor-widget-container\">\n\t\t\t\t\t\t\t\t\t\t\t\t\t<img loading=\"lazy\" decoding=\"async\" width=\"1000\" height=\"412\" src=\"https:\/\/www.kmdpower.com\/wp-content\/uploads\/Commerical-Energy-Storage-System-Shaving-Peaks-and-Filling-Valleys.jpg\" class=\"attachment-large size-large wp-image-1030\" alt=\"\" \/>\t\t\t\t\t\t\t\t\t\t\t\t\t<\/div>\n\t\t\t\t<\/div>\n\t\t\t\t<div class=\"elementor-element elementor-element-5818be4 elementor-widget elementor-widget-text-editor\" data-id=\"5818be4\" data-element_type=\"widget\" data-widget_type=\"text-editor.default\">\n\t\t\t\t<div class=\"elementor-widget-container\">\n\t\t\t\t\t\t\t<p><strong style=\"outline: 0px; font-size: 16px; font-family: arial, helvetica, sans-serif; color: #000000 !important;\">Borotvacs\u00facsok\uff1a<\/strong><span style=\"outline: 0px; line-height: 1.8; font-size: 16px; font-family: arial, helvetica, sans-serif; color: #000000;\">A k\u00f6zpontos\u00edtott megold\u00e1sokat t\u00f6bbnyire az \u00faj energiatermel\u00e9si oldalon alkalmazz\u00e1k, a kimenet sim\u00edt\u00e1s\u00e1val.<\/span><br style=\"outline: 0px; color: #666666; font-family: arial, helvetica, sans-serif; font-size: 16px;\" \/><strong style=\"outline: 0px; font-size: 16px; font-family: arial, helvetica, sans-serif; color: #000000 !important;\">A v\u00f6lgyek kit\u00f6lt\u00e9se:\u00a0<\/strong><span style=\"color: #666666; font-family: arial, helvetica, sans-serif; font-size: 16px;\">Az elosztott energiat\u00e1rol\u00e1si megold\u00e1sokat legink\u00e1bb a kis m\u00e9ret\u0171 kereskedelmi \u00e9s ipari v\u00e1llalkoz\u00e1sokban haszn\u00e1lj\u00e1k, ahol az energiat\u00e1rol\u00e1st \u00fagy konfigur\u00e1lj\u00e1k, hogy cs\u00facsid\u0151ben cs\u00f6kkentse az \u00fczlet maxim\u00e1lis energiaig\u00e9ny\u00e9t, \u00e9s ezzel cs\u00f6kkentse a kapacit\u00e1starif\u00e1kat. jav\u00edtja az energia min\u0151s\u00e9g\u00e9t, \u00e9s tartal\u00e9k energiaforr\u00e1sk\u00e9nt is haszn\u00e1lhat\u00f3.<\/span><\/p>\t\t\t\t\t\t<\/div>\n\t\t\t\t<\/div>\n\t\t\t\t\t<\/div>\n\t\t\t\t<\/div>\n\t\t<div class=\"elementor-element elementor-element-6e8517c e-flex e-con-boxed e-con e-parent\" data-id=\"6e8517c\" data-element_type=\"container\" data-settings=\"{&quot;_ha_eqh_enable&quot;:false}\">\n\t\t\t\t\t<div class=\"e-con-inner\">\n\t\t\t\t<div class=\"elementor-element elementor-element-79d672d elementor-widget elementor-widget-heading\" data-id=\"79d672d\" data-element_type=\"widget\" data-widget_type=\"heading.default\">\n\t\t\t\t<div class=\"elementor-widget-container\">\n\t\t\t<h3 class=\"elementor-heading-title elementor-size-default\">215 kWh akkumul\u00e1toros C&amp;I kereskedelmi energiat\u00e1rol\u00f3 rendszer architekt\u00fara diagramja<\/h3>\t\t<\/div>\n\t\t\t\t<\/div>\n\t\t\t\t<div class=\"elementor-element elementor-element-8561a8d elementor-widget elementor-widget-image\" data-id=\"8561a8d\" data-element_type=\"widget\" data-widget_type=\"image.default\">\n\t\t\t\t<div class=\"elementor-widget-container\">\n\t\t\t\t\t\t\t\t\t\t\t\t\t<img loading=\"lazy\" decoding=\"async\" width=\"1000\" height=\"377\" src=\"https:\/\/www.kmdpower.com\/wp-content\/uploads\/Kamada-Power-215-kWh-Battery-CI-Commerical-Energy-Storage-System-Architecture-Diagram.jpg\" class=\"attachment-large size-large wp-image-1255\" alt=\"\" \/>\t\t\t\t\t\t\t\t\t\t\t\t\t<\/div>\n\t\t\t\t<\/div>\n\t\t\t\t\t<\/div>\n\t\t\t\t<\/div>\n\t\t<div class=\"elementor-element elementor-element-91908a4 e-flex e-con-boxed e-con e-parent\" data-id=\"91908a4\" data-element_type=\"container\" data-settings=\"{&quot;_ha_eqh_enable&quot;:false}\">\n\t\t\t\t\t<div class=\"e-con-inner\">\n\t\t\t\t<div class=\"elementor-element elementor-element-d22d0c0 elementor-widget elementor-widget-text-editor\" data-id=\"d22d0c0\" data-element_type=\"widget\" data-widget_type=\"text-editor.default\">\n\t\t\t\t<div class=\"elementor-widget-container\">\n\t\t\t\t\t\t\t&nbsp;\n<h3 style=\"text-align: center;\">M\u0171szaki adatok<\/h3>\n<table align=\"center\">\n<thead>\n<tr>\n<th><\/th>\n<th>50kw\/100kWh<\/th>\n<th>100kW\/215kWh<\/th>\n<\/tr>\n<\/thead>\n<tbody>\n<tr>\n<td>Modell<\/td>\n<td>KMD-CI-10050A-ESS<\/td>\n<td>KMD-CI-215100A-ESS<\/td>\n<\/tr>\n<tr>\n<td>Maxim\u00e1lis PV bemeneti teljes\u00edtm\u00e9ny<\/td>\n<td>50kW<\/td>\n<td>100kW<\/td>\n<\/tr>\n<tr>\n<td>Max.Pv bemeneti szavazat<\/td>\n<td>620V<\/td>\n<td>680V<\/td>\n<\/tr>\n<tr>\n<td>STS<\/td>\n<td>STS V\u00e1laszthat\u00f3<\/td>\n<td>STS V\u00e1laszthat\u00f3<\/td>\n<\/tr>\n<tr>\n<td>Transzform\u00e1tor<\/td>\n<td>Transzform\u00e1tor bel\u00fcl<\/td>\n<td>Transzform\u00e1tor bel\u00fcl<\/td>\n<\/tr>\n<tr>\n<td>H\u0171t\u00e9si m\u00f3dszer<\/td>\n<td>L\u00e9gh\u0171t\u00e9ses l\u00e9gkondicion\u00e1l\u00f3 2000W<\/td>\n<td>L\u00e9gh\u0171t\u00e9ses l\u00e9gkondicion\u00e1l\u00f3 3000\/4000W<\/td>\n<\/tr>\n<tr>\n<td style=\"text-align: center;\" colspan=\"3\"><strong>Akkumul\u00e1tor (DC)<\/strong><\/td>\n<\/tr>\n<tr>\n<td>N\u00e9vleges akkumul\u00e1tor kapacit\u00e1s<\/td>\n<td><a title=\"100 kwh akkumul\u00e1tor\" href=\"https:\/\/www.kmdpower.com\/hu\/commercial-energy-storage-systems-product\/\"><strong>100 kWh akkumul\u00e1tor<\/strong><\/a><\/td>\n<td>215 kWh \/\u00a0<a title=\"200 kwh akkumul\u00e1tor\" href=\"https:\/\/www.kmdpower.com\/hu\/kamada-power-215kwh-commercial-energy-storage-systems-product\/\" target=\"_blank\" rel=\"noopener\"><strong>200 kwh akkumul\u00e1tor<\/strong><\/a><\/td>\n<\/tr>\n<tr>\n<td>N\u00e9vleges rendszerfesz\u00fclts\u00e9g<\/td>\n<td>302.4V-403.2V<\/td>\n<td>684V-864V<\/td>\n<\/tr>\n<tr>\n<td>Akkumul\u00e1tor t\u00edpusa<\/td>\n<td>LFP3.2V<\/td>\n<td>LFP3.2V<\/td>\n<\/tr>\n<tr>\n<td>Akkumul\u00e1tor cell\u00e1k kapacit\u00e1sa<\/td>\n<td>280Ah<\/td>\n<td>280Ah<\/td>\n<\/tr>\n<tr>\n<td>Akkumul\u00e1tor sorozat<\/td>\n<td>1P16S<\/td>\n<td>1P16S<\/td>\n<\/tr>\n<tr>\n<td style=\"text-align: center;\" colspan=\"3\"><strong>AC<\/strong><\/td>\n<\/tr>\n<tr>\n<td>N\u00e9vleges AC teljes\u00edtm\u00e9ny<\/td>\n<td>50kW<\/td>\n<td>100kW<\/td>\n<\/tr>\n<tr>\n<td>N\u00e9vleges v\u00e1ltakoz\u00f3 \u00e1ram<\/td>\n<td>72A<\/td>\n<td>144A<\/td>\n<\/tr>\n<tr>\n<td>N\u00e9vleges v\u00e1ltakoz\u00f3 fesz\u00fclts\u00e9g<\/td>\n<td>380VAC, 50\/60Hz<\/td>\n<td>380VAC, 50\/60Hz<\/td>\n<\/tr>\n<tr>\n<td>THDi<\/td>\n<td colspan=\"2\">&lt;3% (n\u00e9vleges teljes\u00edtm\u00e9ny)<\/td>\n<\/tr>\n<tr>\n<td>PF<\/td>\n<td colspan=\"2\">-1 vezet\u0151 TO +1 lemarad\u00f3<\/td>\n<\/tr>\n<tr>\n<td style=\"text-align: center;\" colspan=\"3\"><strong>\u00c1ltal\u00e1nos param\u00e9terek<\/strong><\/td>\n<\/tr>\n<tr>\n<td>V\u00e9delmi szint<\/td>\n<td style=\"text-align: left;\" colspan=\"2\">IP55<\/td>\n<\/tr>\n<tr>\n<td>Izol\u00e1ci\u00f3s \u00fczemm\u00f3d<\/td>\n<td style=\"text-align: left;\" colspan=\"2\">Nem izol\u00e1ci\u00f3s<\/td>\n<\/tr>\n<tr>\n<td>\u00dczemi h\u0151m\u00e9rs\u00e9klet<\/td>\n<td style=\"text-align: left;\" colspan=\"2\">-40~55\u2103<\/td>\n<\/tr>\n<tr>\n<td>Magass\u00e1g<\/td>\n<td style=\"text-align: left;\" colspan=\"2\">3000m (&gt;3000m derating)<\/td>\n<\/tr>\n<tr>\n<td>Kommunik\u00e1ci\u00f3s interf\u00e9sz<\/td>\n<td style=\"text-align: left;\" colspan=\"2\">RS485\/CAN2.0\/Ethemet\/sz\u00e1raz \u00e9rintkez\u00e9s<\/td>\n<\/tr>\n<tr>\n<td>M\u00e9ret(H<em>W<\/em>D)<\/td>\n<td>2100*<em>1100*<\/em>1000<\/td>\n<td>2360*<em>1600*<\/em>1000<\/td>\n<\/tr>\n<\/tbody>\n<\/table>\t\t\t\t\t\t<\/div>\n\t\t\t\t<\/div>\n\t\t\t\t\t<\/div>\n\t\t\t\t<\/div>\n\t\t<div class=\"elementor-element elementor-element-00e7275 e-flex e-con-boxed e-con e-parent\" data-id=\"00e7275\" data-element_type=\"container\" data-settings=\"{&quot;_ha_eqh_enable&quot;:false}\">\n\t\t\t\t\t<div class=\"e-con-inner\">\n\t\t\t\t<div class=\"elementor-element elementor-element-446299a elementor-widget elementor-widget-heading\" data-id=\"446299a\" data-element_type=\"widget\" data-widget_type=\"heading.default\">\n\t\t\t\t<div class=\"elementor-widget-container\">\n\t\t\t<h3 class=\"elementor-heading-title elementor-size-default\">200 kWh \/ 215 kWh akkumul\u00e1toros kereskedelmi energiat\u00e1rol\u00f3 rendszer alkalmaz\u00e1si forgat\u00f3k\u00f6nyve<\/h3>\t\t<\/div>\n\t\t\t\t<\/div>\n\t\t\t\t<div class=\"elementor-element elementor-element-55b4562 elementor-widget elementor-widget-image\" data-id=\"55b4562\" data-element_type=\"widget\" data-widget_type=\"image.default\">\n\t\t\t\t<div class=\"elementor-widget-container\">\n\t\t\t\t\t\t\t\t\t\t\t\t\t<img loading=\"lazy\" decoding=\"async\" width=\"1000\" height=\"809\" src=\"https:\/\/www.kmdpower.com\/wp-content\/uploads\/kamada-power-100kwh-battery-energy-storage-system-application.jpg\" class=\"attachment-large size-large wp-image-1240\" alt=\"\" \/>\t\t\t\t\t\t\t\t\t\t\t\t\t<\/div>\n\t\t\t\t<\/div>\n\t\t\t\t<div class=\"elementor-element elementor-element-4ae854d elementor-widget elementor-widget-text-editor\" data-id=\"4ae854d\" data-element_type=\"widget\" data-widget_type=\"text-editor.default\">\n\t\t\t\t<div class=\"elementor-widget-container\">\n\t\t\t\t\t\t\t<p>A Kamada Power 200kWh \/ 215kWh akkumul\u00e1toros C&amp;I energiat\u00e1rol\u00f3 rendszer kiv\u00e9teles teljes\u00edtm\u00e9nyt ny\u00fajt, \u00edgy sz\u00e1mos alkalmaz\u00e1shoz alkalmas, bele\u00e9rtve a gazdas\u00e1gokat, \u00e1llattart\u00f3 l\u00e9tes\u00edtm\u00e9nyeket, sz\u00e1llod\u00e1kat, iskol\u00e1kat, rakt\u00e1rakat, k\u00f6z\u00f6ss\u00e9geket \u00e9s napelemparkokat. Kompatibilis a h\u00e1l\u00f3zatra k\u00f6t\u00f6tt, a h\u00e1l\u00f3zaton k\u00edv\u00fcli \u00e9s a hibrid napelemes rendszerekkel.<\/p>\t\t\t\t\t\t<\/div>\n\t\t\t\t<\/div>\n\t\t\t\t\t<\/div>\n\t\t\t\t<\/div>\n\t\t<div class=\"elementor-element elementor-element-9787ff9 e-flex e-con-boxed e-con e-parent\" data-id=\"9787ff9\" data-element_type=\"container\" data-settings=\"{&quot;_ha_eqh_enable&quot;:false}\">\n\t\t\t\t\t<div class=\"e-con-inner\">\n\t\t\t\t<div class=\"elementor-element elementor-element-475bc44 elementor-widget elementor-widget-text-editor\" data-id=\"475bc44\" data-element_type=\"widget\" data-widget_type=\"text-editor.default\">\n\t\t\t\t<div class=\"elementor-widget-container\">\n\t\t\t\t\t\t\t<h3 style=\"text-align: center;\">Kamada Power 215 kWh akkumul\u00e1toros C&amp;I energiat\u00e1rol\u00f3 rendszer EMS el\u0151nyei<\/h3><p><strong>Cs\u00facsborotv\u00e1l\u00e1s \u00e9s v\u00f6lgykit\u00f6lt\u00e9s<\/strong><br \/>A konfigur\u00e1lt cs\u00facs- \u00e9s v\u00f6lgyid\u0151szaki t\u00f6lt\u00e9si \u00e9s kis\u00fct\u00e9si strat\u00e9gi\u00e1knak megfelel\u0151en az energiat\u00e1rol\u00f3 rendszer az alacsony \u00e1r\u00fa v\u00f6lgyid\u0151szakokban t\u00f6lthet\u0151, \u00e9s a magas \u00e1r\u00fa cs\u00facsid\u0151szakokban kis\u00fcthet\u0151, ami hat\u00e9konyan cs\u00f6kkenti a felhaszn\u00e1l\u00f3k villamosenergia-fogyaszt\u00e1s\u00e1nak k\u00f6lts\u00e9geit.<br \/><strong>Inverz teljes\u00edtm\u00e9nyv\u00e9delem<\/strong><br \/>Az EMS-rendszer dinamikusan \u00e9s automatikusan be\u00e1ll\u00edtja mag\u00e1t a terhel\u00e9s energiafogyaszt\u00e1si k\u00f6r\u00fclm\u00e9nyeihez, megakad\u00e1lyozva az energiat\u00e1rol\u00f3 lemer\u00fcl\u00e9s\u00e9nek \u00e9s a PV-teljes\u00edtm\u00e9nynek a h\u00e1l\u00f3zatba t\u00f6rt\u00e9n\u0151 jogosulatlan vissza\u00e1raml\u00e1s\u00e1t.<br \/><strong>Dinamikus kapacit\u00e1sb\u0151v\u00edt\u00e9s<\/strong><br \/>Ha a felhaszn\u00e1l\u00f3nak sz\u00fcks\u00e9ge van a transzform\u00e1tor t\u00falterhel\u00e9s\u00e9re egy bizonyos id\u0151szakban, az EMS k\u00e9pes be\u00e1ll\u00edtani az energiat\u00e1rol\u00e1st \u00e9s a terhel\u00e9st, dinamikusan n\u00f6velni a transzform\u00e1tor kapacit\u00e1s\u00e1t, \u00e9s cs\u00f6kkenteni a transzform\u00e1tor statikus kapacit\u00e1sn\u00f6vel\u00e9s\u00e9nek k\u00f6lts\u00e9geit.<br \/><strong>Keresletmenedzsment<\/strong><br \/>Az EMS szab\u00e1lyozza a t\u00e1rol\u00f3kapacit\u00e1s kis\u00fct\u00e9s\u00e9t, hogy elker\u00fclje, hogy a terhel\u00e9s energiafogyaszt\u00e1sa meghaladja a transzform\u00e1tor maxim\u00e1lis kapacit\u00e1s\u00e1t, ami a transzform\u00e1tor kapacit\u00e1si t\u00f6lt\u00e9s\u00e9nek t\u00falzott kiad\u00e1s\u00e1t eredm\u00e9nyezi.<br \/><strong>H\u00e1l\u00f3zaton k\u00edv\u00fcli \u00e1ramell\u00e1t\u00e1s<\/strong><br \/>H\u00e1l\u00f3zati hiba eset\u00e9n az EMS lehet\u0151v\u00e9 teszi, hogy az energiat\u00e1rol\u00f3 rendszer f\u00fcggetlen, h\u00e1l\u00f3zaton k\u00edv\u00fcli \u00fczemm\u00f3dba (\u00e1lland\u00f3 fesz\u00fclts\u00e9g\u0171 \u00fczemm\u00f3d) kapcsoljon, hogy t\u00e1mogassa a fogyaszt\u00f3kat a norm\u00e1l energiafogyaszt\u00e1s folytat\u00e1s\u00e1ban, am\u00edg a h\u00e1l\u00f3zat helyre nem \u00e1ll.<br \/><strong>K\u00fat H\u00e1l\u00f3zati fogyaszt\u00e1s<\/strong><br \/>Egy energiat\u00e1rol\u00f3 rendszer t\u00e1mogat\u00e1s\u00e1val a PV \u00e1ltal termelt energi\u00e1t ideiglenesen t\u00e1rolni lehet, majd sz\u00fcks\u00e9g eset\u00e9n felszabad\u00edtani, \u00edgy kiegyenl\u00edtve az energiarendszer villamosenergia-ig\u00e9ny\u00e9t.<\/p>\t\t\t\t\t\t<\/div>\n\t\t\t\t<\/div>\n\t\t\t\t\t<\/div>\n\t\t\t\t<\/div>\n\t\t<div class=\"elementor-element elementor-element-f6db1fa e-flex e-con-boxed e-con e-parent\" data-id=\"f6db1fa\" data-element_type=\"container\" data-settings=\"{&quot;_ha_eqh_enable&quot;:false}\">\n\t\t\t\t\t<div class=\"e-con-inner\">\n\t\t\t\t<div class=\"elementor-element elementor-element-ac4a3a9 elementor-widget elementor-widget-heading\" data-id=\"ac4a3a9\" data-element_type=\"widget\" data-widget_type=\"heading.default\">\n\t\t\t\t<div class=\"elementor-widget-container\">\n\t\t\t<h3 class=\"elementor-heading-title elementor-size-default\">Kamada Power kereskedelmi energiat\u00e1rol\u00f3 rendszerek alkalmaz\u00e1si esete<\/h3>\t\t<\/div>\n\t\t\t\t<\/div>\n\t\t\t\t<div class=\"elementor-element elementor-element-f35beb5 elementor-widget elementor-widget-image\" data-id=\"f35beb5\" data-element_type=\"widget\" data-widget_type=\"image.default\">\n\t\t\t\t<div class=\"elementor-widget-container\">\n\t\t\t\t\t\t\t\t\t\t\t\t\t<img loading=\"lazy\" decoding=\"async\" width=\"1000\" height=\"353\" src=\"https:\/\/www.kmdpower.com\/wp-content\/uploads\/Kamada-Power-Commercial-Energy-Storage-Systems-Application-Case-002.jpg\" class=\"attachment-large size-large wp-image-1293\" alt=\"\" \/>\t\t\t\t\t\t\t\t\t\t\t\t\t<\/div>\n\t\t\t\t<\/div>\n\t\t\t\t\t<\/div>\n\t\t\t\t<\/div>\n\t\t<div class=\"elementor-element elementor-element-9af0348 e-flex e-con-boxed e-con e-parent\" data-id=\"9af0348\" data-element_type=\"container\" data-settings=\"{&quot;_ha_eqh_enable&quot;:false}\">\n\t\t\t\t\t<div class=\"e-con-inner\">\n\t\t\t\t<div class=\"elementor-element elementor-element-2bff0e9 elementor-widget elementor-widget-heading\" data-id=\"2bff0e9\" data-element_type=\"widget\" data-widget_type=\"heading.default\">\n\t\t\t\t<div class=\"elementor-widget-container\">\n\t\t\t<h3 class=\"elementor-heading-title elementor-size-default\">Shenzhen Kamada Electronic Co., Ltd.<br>\nKamada Power ki\u00e1ll\u00edt\u00e1s<\/h3>\t\t<\/div>\n\t\t\t\t<\/div>\n\t\t\t\t<div class=\"elementor-element elementor-element-835bfa6 elementor-widget elementor-widget-image\" data-id=\"835bfa6\" data-element_type=\"widget\" data-widget_type=\"image.default\">\n\t\t\t\t<div class=\"elementor-widget-container\">\n\t\t\t\t\t\t\t\t\t\t\t\t\t<img loading=\"lazy\" decoding=\"async\" width=\"1024\" height=\"449\" src=\"https:\/\/www.kmdpower.com\/wp-content\/uploads\/Kamada-Power-Exhibition-Shenzhen-Kamada-Electronic-Co-Ltd.png\" class=\"attachment-large size-large wp-image-1297\" alt=\"\" \/>\t\t\t\t\t\t\t\t\t\t\t\t\t<\/div>\n\t\t\t\t<\/div>\n\t\t\t\t\t<\/div>\n\t\t\t\t<\/div>\n\t\t<div class=\"elementor-element elementor-element-c2c936f e-flex e-con-boxed e-con e-parent\" data-id=\"c2c936f\" data-element_type=\"container\" data-settings=\"{&quot;_ha_eqh_enable&quot;:false}\">\n\t\t\t\t\t<div class=\"e-con-inner\">\n\t\t\t\t<div class=\"elementor-element elementor-element-dd75d3b elementor-widget elementor-widget-heading\" data-id=\"dd75d3b\" data-element_type=\"widget\" data-widget_type=\"heading.default\">\n\t\t\t\t<div class=\"elementor-widget-container\">\n\t\t\t<h3 class=\"elementor-heading-title elementor-size-default\">Kamada Power akkumul\u00e1tor gy\u00e1rt\u00f3k tan\u00fas\u00edt\u00e1sa<\/h3>\t\t<\/div>\n\t\t\t\t<\/div>\n\t\t\t\t<div class=\"elementor-element elementor-element-33e7725 elementor-widget elementor-widget-image\" data-id=\"33e7725\" data-element_type=\"widget\" data-widget_type=\"image.default\">\n\t\t\t\t<div class=\"elementor-widget-container\">\n\t\t\t\t\t\t\t\t\t\t\t\t\t<img loading=\"lazy\" decoding=\"async\" width=\"1024\" height=\"352\" src=\"https:\/\/www.kmdpower.com\/wp-content\/uploads\/Kamada-Power-Battery-Certification.png\" class=\"attachment-large size-large wp-image-1285\" alt=\"\" \/>\t\t\t\t\t\t\t\t\t\t\t\t\t<\/div>\n\t\t\t\t<\/div>\n\t\t\t\t\t<\/div>\n\t\t\t\t<\/div>\n\t\t<div class=\"elementor-element elementor-element-e4133ea e-flex e-con-boxed e-con e-parent\" data-id=\"e4133ea\" data-element_type=\"container\" data-settings=\"{&quot;_ha_eqh_enable&quot;:false}\">\n\t\t\t\t\t<div class=\"e-con-inner\">\n\t\t\t\t<div class=\"elementor-element elementor-element-f87f7de elementor-widget elementor-widget-heading\" data-id=\"f87f7de\" data-element_type=\"widget\" data-widget_type=\"heading.default\">\n\t\t\t\t<div class=\"elementor-widget-container\">\n\t\t\t<h3 class=\"elementor-heading-title elementor-size-default\">Kamada Power energiat\u00e1rol\u00f3 rendszer gy\u00e1rt\u00f3inak gy\u00e1ri termel\u00e9si folyamata<\/h3>\t\t<\/div>\n\t\t\t\t<\/div>\n\t\t\t\t<div class=\"elementor-element elementor-element-4c23f4a elementor-widget elementor-widget-image\" data-id=\"4c23f4a\" data-element_type=\"widget\" data-widget_type=\"image.default\">\n\t\t\t\t<div class=\"elementor-widget-container\">\n\t\t\t\t\t\t\t\t\t\t\t\t\t<img loading=\"lazy\" decoding=\"async\" width=\"1000\" height=\"517\" src=\"https:\/\/www.kmdpower.com\/wp-content\/uploads\/Kamada-Power-Lithium-ion-Battery-Manufacturers-Factory-Production-Process-02.jpg\" class=\"attachment-large size-large wp-image-1323\" alt=\"\" \/>\t\t\t\t\t\t\t\t\t\t\t\t\t<\/div>\n\t\t\t\t<\/div>\n\t\t\t\t\t<\/div>\n\t\t\t\t<\/div>\n\t\t<div class=\"elementor-element elementor-element-815acc7 e-flex e-con-boxed e-con e-parent\" data-id=\"815acc7\" data-element_type=\"container\" data-settings=\"{&quot;_ha_eqh_enable&quot;:false}\">\n\t\t\t\t\t<div class=\"e-con-inner\">\n\t\t\t\t<div class=\"elementor-element elementor-element-5958ee8 elementor-widget elementor-widget-heading\" data-id=\"5958ee8\" data-element_type=\"widget\" data-widget_type=\"heading.default\">\n\t\t\t\t<div class=\"elementor-widget-container\">\n\t\t\t<h3 class=\"elementor-heading-title elementor-size-default\">Kamada Power akkumul\u00e1tor gy\u00e1rt\u00f3k<\/h3>\t\t<\/div>\n\t\t\t\t<\/div>\n\t\t\t\t<div class=\"elementor-element elementor-element-7ffa7f8 elementor-widget elementor-widget-image\" data-id=\"7ffa7f8\" data-element_type=\"widget\" data-widget_type=\"image.default\">\n\t\t\t\t<div class=\"elementor-widget-container\">\n\t\t\t\t\t\t\t\t\t\t\t\t\t<img loading=\"lazy\" decoding=\"async\" width=\"1000\" height=\"584\" src=\"https:\/\/www.kmdpower.com\/wp-content\/uploads\/Kamada-Power-Lithium-ion-Battery-Manufacturers-Factory-Show.jpg\" class=\"attachment-large size-large wp-image-1324\" alt=\"\" \/>\t\t\t\t\t\t\t\t\t\t\t\t\t<\/div>\n\t\t\t\t<\/div>\n\t\t\t\t<div class=\"elementor-element elementor-element-75d3905 elementor-widget elementor-widget-text-editor\" data-id=\"75d3905\" data-element_type=\"widget\" data-widget_type=\"text-editor.default\">\n\t\t\t\t<div class=\"elementor-widget-container\">\n\t\t\t\t\t\t\t<p>A Kamada Power Battery Factory minden t\u00edpus\u00fa oem odm testreszabott akkumul\u00e1tor-megold\u00e1st gy\u00e1rt: otthoni napelemes akkumul\u00e1tor, alacsony sebess\u00e9g\u0171 j\u00e1rm\u0171 akkumul\u00e1torok (golf akkumul\u00e1torok, RV akkumul\u00e1torok, \u00f3lomkonvert\u00e1lt l\u00edtium akkumul\u00e1torok, elektromos kocsi akkumul\u00e1torok, targonca akkumul\u00e1torok), tengeri akkumul\u00e1torok, s\u00e9tahaj\u00f3 akkumul\u00e1torok, nagyfesz\u00fclts\u00e9g\u0171 akkumul\u00e1torok, egym\u00e1sra helyezett akkumul\u00e1torok,\u00a0<strong><a title=\"N\u00e1trium-ion akkumul\u00e1tor gy\u00e1rt\u00f3k\" href=\"http:\/\/www.kmdpower.com\/hu\/sodium-ion-battery-manufacturers\/\" target=\"_blank\" rel=\"noopener\">N\u00e1trium-ion akkumul\u00e1tor<\/a>,\u00a0<a href=\"http:\/\/www.kmdpower.com\/hu\/commercial-energy-storage-systems\/\" target=\"_blank\" rel=\"noopener\">ipari \u00e9s kereskedelmi energiat\u00e1rol\u00f3 rendszerek<\/a><\/strong><\/p>\t\t\t\t\t\t<\/div>\n\t\t\t\t<\/div>\n\t\t\t\t\t<\/div>\n\t\t\t\t<\/div>\n\t\t<div class=\"elementor-element elementor-element-7508a26 e-flex e-con-boxed e-con e-parent\" data-id=\"7508a26\" data-element_type=\"container\" data-settings=\"{&quot;_ha_eqh_enable&quot;:false}\">\n\t\t\t\t\t<div class=\"e-con-inner\">\n\t\t\t\t<div class=\"elementor-element elementor-element-d794f41 elementor-widget elementor-widget-heading\" data-id=\"d794f41\" data-element_type=\"widget\" data-widget_type=\"heading.default\">\n\t\t\t\t<div class=\"elementor-widget-container\">\n\t\t\t<h3 class=\"elementor-heading-title elementor-size-default\">Gyakran ism\u00e9telt k\u00e9rd\u00e9sek<\/h3>\t\t<\/div>\n\t\t\t\t<\/div>\n\t\t\t\t<div class=\"elementor-element elementor-element-26854e6 elementor-widget elementor-widget-n-accordion\" data-id=\"26854e6\" data-element_type=\"widget\" data-settings=\"{&quot;default_state&quot;:&quot;expanded&quot;,&quot;max_items_expended&quot;:&quot;one&quot;,&quot;n_accordion_animation_duration&quot;:{&quot;unit&quot;:&quot;ms&quot;,&quot;size&quot;:400,&quot;sizes&quot;:[]}}\" data-widget_type=\"nested-accordion.default\">\n\t\t\t\t<div class=\"elementor-widget-container\">\n\t\t\t\t\t<div class=\"e-n-accordion\" aria-label=\"Harmonika. A linkeket az Enter vagy a sz\u00f3k\u00f6z billenty\u0171vel nyithatja meg, az Escape billenty\u0171vel z\u00e1rhatja be, \u00e9s a ny\u00edlbillenty\u0171kkel navig\u00e1lhat.\">\n\t\t\t\t\t\t<details id=\"e-n-accordion-item-4030\" class=\"e-n-accordion-item\" open>\n\t\t\t\t<summary class=\"e-n-accordion-item-title\" data-accordion-index=\"1\" tabindex=\"0\" aria-expanded=\"true\" aria-controls=\"e-n-accordion-item-4030\" >\n\t\t\t\t\t<span class='e-n-accordion-item-title-header'><div class=\"e-n-accordion-item-title-text\"> Mi az a C&amp;I energiat\u00e1rol\u00f3 rendszer? <\/div><\/span>\n\t\t\t\t\t\t\t<span class='e-n-accordion-item-title-icon'>\n\t\t\t<span class='e-opened' ><svg aria-hidden=\"true\" class=\"e-font-icon-svg e-fas-minus\" viewbox=\"0 0 448 512\" xmlns=\"http:\/\/www.w3.org\/2000\/svg\"><path d=\"M416 208H32c-17.67 0-32 14.33-32 32v32c0 17.67 14.33 32 32 32h384c17.67 0 32-14.33 32-32v-32c0-17.67-14.33-32-32-32z\"><\/path><\/svg><\/span>\n\t\t\t<span class='e-closed'><svg aria-hidden=\"true\" class=\"e-font-icon-svg e-fas-plus\" viewbox=\"0 0 448 512\" xmlns=\"http:\/\/www.w3.org\/2000\/svg\"><path d=\"M416 208H272V64c0-17.67-14.33-32-32-32h-32c-17.67 0-32 14.33-32 32v144H32c-17.67 0-32 14.33-32 32v32c0 17.67 14.33 32 32 32h144v144c0 17.67 14.33 32 32 32h32c17.67 0 32-14.33 32-32V304h144c17.67 0 32-14.33 32-32v-32c0-17.67-14.33-32-32-32z\"><\/path><\/svg><\/span>\n\t\t<\/span>\n\n\t\t\t\t\t\t<\/summary>\n\t\t\t\t<div role=\"region\" aria-labelledby=\"e-n-accordion-item-4030\" class=\"elementor-element elementor-element-086562a e-con-full e-flex e-con e-child\" data-id=\"086562a\" data-element_type=\"container\" data-settings=\"{&quot;_ha_eqh_enable&quot;:false}\">\n\t\t<div role=\"region\" aria-labelledby=\"e-n-accordion-item-4030\" class=\"elementor-element elementor-element-8702b48 e-flex e-con-boxed e-con e-child\" data-id=\"8702b48\" data-element_type=\"container\" data-settings=\"{&quot;_ha_eqh_enable&quot;:false}\">\n\t\t\t\t\t<div class=\"e-con-inner\">\n\t\t\t\t<div class=\"elementor-element elementor-element-2ae3daf elementor-widget elementor-widget-text-editor\" data-id=\"2ae3daf\" data-element_type=\"widget\" data-widget_type=\"text-editor.default\">\n\t\t\t\t<div class=\"elementor-widget-container\">\n\t\t\t\t\t\t\t<p>A kereskedelmi \u00e9s ipari (C&amp;I) energiat\u00e1rol\u00f3 rendszereket kifejezetten kereskedelmi \u00e9s ipari szektorokban, p\u00e9ld\u00e1ul gy\u00e1rakban, irodah\u00e1zakban, adatk\u00f6zpontokban, iskol\u00e1kban \u00e9s bev\u00e1s\u00e1rl\u00f3k\u00f6zpontokban t\u00f6rt\u00e9n\u0151 alkalmaz\u00e1sokra tervezt\u00e9k. Ezek a rendszerek lehet\u0151v\u00e9 teszik a v\u00e1llalkoz\u00e1sok \u00e9s szervezetek sz\u00e1m\u00e1ra az energiafogyaszt\u00e1s optimaliz\u00e1l\u00e1s\u00e1t, a k\u00f6lts\u00e9gek cs\u00f6kkent\u00e9s\u00e9t, a tartal\u00e9k energiaell\u00e1t\u00e1s biztos\u00edt\u00e1s\u00e1t \u00e9s a meg\u00fajul\u00f3 energiaforr\u00e1sok integr\u00e1ci\u00f3j\u00e1nak megk\u00f6nny\u00edt\u00e9s\u00e9t.<\/p><p>A C&amp;I energiat\u00e1rol\u00f3 rendszerek jellemz\u0151en nagyobb kapacit\u00e1ssal rendelkeznek, mint a lakoss\u00e1gi t\u00e1rsaik, hogy kiel\u00e9g\u00edts\u00e9k a kereskedelmi \u00e9s ipari l\u00e9tes\u00edtm\u00e9nyek magasabb energiaig\u00e9ny\u00e9t. Az ezekben a rendszerekben alkalmazott uralkod\u00f3 technol\u00f3gia akkumul\u00e1tor-alap\u00fa, gyakran l\u00edtiumion-akkumul\u00e1torokat haszn\u00e1lnak a kiv\u00e1l\u00f3 energias\u0171r\u0171s\u00e9g, a hosszabb \u00e9lettartam \u00e9s a hat\u00e9konys\u00e1g miatt. A l\u00e9tes\u00edtm\u00e9ny saj\u00e1tos energiaig\u00e9ny\u00e9t\u0151l \u00e9s m\u0171k\u00f6d\u00e9si k\u00f6r\u00fclm\u00e9nyeit\u0151l f\u00fcgg\u0151en azonban m\u00e1s energiat\u00e1rol\u00e1si technol\u00f3gi\u00e1k, p\u00e9ld\u00e1ul a termikus energiat\u00e1rol\u00e1s, a mechanikus energiat\u00e1rol\u00e1s \u00e9s a hidrog\u00e9n energiat\u00e1rol\u00e1s is alkalmaz\u00e1sra ker\u00fclhet a C&amp;I k\u00f6rnyezetben.<\/p>\t\t\t\t\t\t<\/div>\n\t\t\t\t<\/div>\n\t\t\t\t\t<\/div>\n\t\t\t\t<\/div>\n\t\t\t\t<\/div>\n\t\t\t\t\t<\/details>\n\t\t\t\t\t\t<details id=\"e-n-accordion-item-4031\" class=\"e-n-accordion-item\" >\n\t\t\t\t<summary class=\"e-n-accordion-item-title\" data-accordion-index=\"2\" tabindex=\"-1\" aria-expanded=\"false\" aria-controls=\"e-n-accordion-item-4031\" >\n\t\t\t\t\t<span class='e-n-accordion-item-title-header'><div class=\"e-n-accordion-item-title-text\"> Hogyan m\u0171k\u00f6dik egy C&amp;I energiat\u00e1rol\u00f3 rendszer? <\/div><\/span>\n\t\t\t\t\t\t\t<span class='e-n-accordion-item-title-icon'>\n\t\t\t<span class='e-opened' ><svg aria-hidden=\"true\" class=\"e-font-icon-svg e-fas-minus\" viewbox=\"0 0 448 512\" xmlns=\"http:\/\/www.w3.org\/2000\/svg\"><path d=\"M416 208H32c-17.67 0-32 14.33-32 32v32c0 17.67 14.33 32 32 32h384c17.67 0 32-14.33 32-32v-32c0-17.67-14.33-32-32-32z\"><\/path><\/svg><\/span>\n\t\t\t<span class='e-closed'><svg aria-hidden=\"true\" class=\"e-font-icon-svg e-fas-plus\" viewbox=\"0 0 448 512\" xmlns=\"http:\/\/www.w3.org\/2000\/svg\"><path d=\"M416 208H272V64c0-17.67-14.33-32-32-32h-32c-17.67 0-32 14.33-32 32v144H32c-17.67 0-32 14.33-32 32v32c0 17.67 14.33 32 32 32h144v144c0 17.67 14.33 32 32 32h32c17.67 0 32-14.33 32-32V304h144c17.67 0 32-14.33 32-32v-32c0-17.67-14.33-32-32-32z\"><\/path><\/svg><\/span>\n\t\t<\/span>\n\n\t\t\t\t\t\t<\/summary>\n\t\t\t\t<div role=\"region\" aria-labelledby=\"e-n-accordion-item-4031\" class=\"elementor-element elementor-element-d0a417f e-con-full e-flex e-con e-child\" data-id=\"d0a417f\" data-element_type=\"container\" data-settings=\"{&quot;_ha_eqh_enable&quot;:false}\">\n\t\t<div role=\"region\" aria-labelledby=\"e-n-accordion-item-4031\" class=\"elementor-element elementor-element-f22c71c e-flex e-con-boxed e-con e-child\" data-id=\"f22c71c\" data-element_type=\"container\" data-settings=\"{&quot;_ha_eqh_enable&quot;:false}\">\n\t\t\t\t\t<div class=\"e-con-inner\">\n\t\t\t\t<div class=\"elementor-element elementor-element-5ef49bd elementor-widget elementor-widget-text-editor\" data-id=\"5ef49bd\" data-element_type=\"widget\" data-widget_type=\"text-editor.default\">\n\t\t\t\t<div class=\"elementor-widget-container\">\n\t\t\t\t\t\t\t<p>A kereskedelmi \u00e9s ipari (C&amp;I) energiat\u00e1rol\u00f3 rendszerek a lakoss\u00e1gi rendszerekhez hasonl\u00f3an m\u0171k\u00f6dnek, de nagyobb m\u00e9retben, hogy kiel\u00e9g\u00edts\u00e9k a kereskedelmi \u00e9s ipari l\u00e9tes\u00edtm\u00e9nyek magasabb energiaig\u00e9ny\u00e9t.<\/p><p>Ezek a rendszerek meg\u00fajul\u00f3 forr\u00e1sokb\u00f3l, p\u00e9ld\u00e1ul napelemekb\u0151l vagy a h\u00e1l\u00f3zatb\u00f3l sz\u00e1rmaz\u00f3 villamos energi\u00e1t t\u00e1rolnak cs\u00facsid\u0151n k\u00edv\u00fcl. Az akkumul\u00e1tor-kezel\u0151 rendszer (BMS) biztos\u00edtja a biztons\u00e1gos \u00e9s hat\u00e9kony t\u00f6lt\u00e9st. A t\u00e1rolt energi\u00e1t egy inverter egyen\u00e1ramb\u00f3l (DC) v\u00e1ltakoz\u00f3 \u00e1ramm\u00e1 (AC) alak\u00edtja \u00e1t a berendez\u00e9sek \u00e9s eszk\u00f6z\u00f6k m\u0171k\u00f6dtet\u00e9s\u00e9hez.<\/p><p>A fejlett fel\u00fcgyelet lehet\u0151v\u00e9 teszi a l\u00e9tes\u00edtm\u00e9nyvezet\u0151k sz\u00e1m\u00e1ra, hogy val\u00f3s id\u0151ben nyomon k\u00f6vess\u00e9k az energiatermel\u00e9st, -t\u00e1rol\u00e1st \u00e9s -fogyaszt\u00e1st. Ez a k\u00e9pess\u00e9g optimaliz\u00e1lja az energiafelhaszn\u00e1l\u00e1st, cs\u00f6kkenti a k\u00f6lts\u00e9geket, \u00e9s t\u00e1mogatja a h\u00e1l\u00f3zati interakci\u00f3t a keresletre adott v\u00e1laszprogramok \u00e9s a meg\u00fajul\u00f3 energia t\u00f6bblet\u00e9nek export\u00e1l\u00e1sa r\u00e9v\u00e9n.<\/p><p>A C&amp;I energiat\u00e1rol\u00f3 rendszerek n\u00f6velik az energiahat\u00e9konys\u00e1got, cs\u00f6kkentik a k\u00f6lts\u00e9geket, \u00e9s t\u00e1mogatj\u00e1k a v\u00e1llalkoz\u00e1sok fenntarthat\u00f3s\u00e1gi er\u0151fesz\u00edt\u00e9seit.<\/p>\t\t\t\t\t\t<\/div>\n\t\t\t\t<\/div>\n\t\t\t\t\t<\/div>\n\t\t\t\t<\/div>\n\t\t\t\t<\/div>\n\t\t\t\t\t<\/details>\n\t\t\t\t\t\t<details id=\"e-n-accordion-item-4032\" class=\"e-n-accordion-item\" >\n\t\t\t\t<summary class=\"e-n-accordion-item-title\" data-accordion-index=\"3\" tabindex=\"-1\" aria-expanded=\"false\" aria-controls=\"e-n-accordion-item-4032\" >\n\t\t\t\t\t<span class='e-n-accordion-item-title-header'><div class=\"e-n-accordion-item-title-text\"> Milyen el\u0151ny\u00f6kkel j\u00e1r egy C&amp;I energiat\u00e1rol\u00f3 rendszer? <\/div><\/span>\n\t\t\t\t\t\t\t<span class='e-n-accordion-item-title-icon'>\n\t\t\t<span class='e-opened' ><svg aria-hidden=\"true\" class=\"e-font-icon-svg e-fas-minus\" viewbox=\"0 0 448 512\" xmlns=\"http:\/\/www.w3.org\/2000\/svg\"><path d=\"M416 208H32c-17.67 0-32 14.33-32 32v32c0 17.67 14.33 32 32 32h384c17.67 0 32-14.33 32-32v-32c0-17.67-14.33-32-32-32z\"><\/path><\/svg><\/span>\n\t\t\t<span class='e-closed'><svg aria-hidden=\"true\" class=\"e-font-icon-svg e-fas-plus\" viewbox=\"0 0 448 512\" xmlns=\"http:\/\/www.w3.org\/2000\/svg\"><path d=\"M416 208H272V64c0-17.67-14.33-32-32-32h-32c-17.67 0-32 14.33-32 32v144H32c-17.67 0-32 14.33-32 32v32c0 17.67 14.33 32 32 32h144v144c0 17.67 14.33 32 32 32h32c17.67 0 32-14.33 32-32V304h144c17.67 0 32-14.33 32-32v-32c0-17.67-14.33-32-32-32z\"><\/path><\/svg><\/span>\n\t\t<\/span>\n\n\t\t\t\t\t\t<\/summary>\n\t\t\t\t<div role=\"region\" aria-labelledby=\"e-n-accordion-item-4032\" class=\"elementor-element elementor-element-3963edc e-con-full e-flex e-con e-child\" data-id=\"3963edc\" data-element_type=\"container\" data-settings=\"{&quot;_ha_eqh_enable&quot;:false}\">\n\t\t<div role=\"region\" aria-labelledby=\"e-n-accordion-item-4032\" class=\"elementor-element elementor-element-ba0acc5 e-flex e-con-boxed e-con e-child\" data-id=\"ba0acc5\" data-element_type=\"container\" data-settings=\"{&quot;_ha_eqh_enable&quot;:false}\">\n\t\t\t\t\t<div class=\"e-con-inner\">\n\t\t\t\t<div class=\"elementor-element elementor-element-09b1d13 elementor-widget elementor-widget-text-editor\" data-id=\"09b1d13\" data-element_type=\"widget\" data-widget_type=\"text-editor.default\">\n\t\t\t\t<div class=\"elementor-widget-container\">\n\t\t\t\t\t\t\t<p><strong>1. Cs\u00facskereslet-kezel\u00e9s \u00e9s terhel\u00e9s\u00e1thelyez\u00e9s :<\/strong>\u00a0Seg\u00edti a v\u00e1llalkoz\u00e1sokat az energiak\u00f6lts\u00e9gek cs\u00f6kkent\u00e9s\u00e9ben \u00e9s az energiagazd\u00e1lkod\u00e1s jav\u00edt\u00e1s\u00e1ban a t\u00e1rolt energia felhaszn\u00e1l\u00e1s\u00e1val a villamosenergia-ig\u00e9ny cs\u00facsid\u0151szakaiban.<\/p><p><strong>2. Tartal\u00e9k energia :<\/strong>\u00a0V\u00e9szhelyzeti \u00e1ramell\u00e1t\u00e1st biztos\u00edt, minimaliz\u00e1lva az \u00e1ll\u00e1sid\u0151t \u00e9s a lehets\u00e9ges bev\u00e9telkies\u00e9st, mik\u00f6zben a l\u00e9tes\u00edtm\u00e9ny rugalmass\u00e1g\u00e1t \u00e9s megb\u00edzhat\u00f3s\u00e1g\u00e1t is er\u0151s\u00edti.<\/p><p><strong>3. A meg\u00fajul\u00f3 energiaforr\u00e1sok integr\u00e1l\u00e1sa :<\/strong>\u00a0A meg\u00fajul\u00f3 energiaforr\u00e1sok felhaszn\u00e1l\u00e1s\u00e1nak optimaliz\u00e1l\u00e1sa, a fenntarthat\u00f3s\u00e1gi c\u00e9lok t\u00e1mogat\u00e1sa \u00e9s a meg\u00fajul\u00f3 energiaforr\u00e1sokra vonatkoz\u00f3 megb\u00edz\u00e1soknak val\u00f3 megfelel\u00e9s.<\/p><p><strong>4. R\u00e1cs-t\u00e1mogat\u00e1s :<\/strong>\u00a0Lehet\u0151v\u00e9 teszi a kereskedelmi \u00e9s ipari l\u00e9tes\u00edtm\u00e9nyek sz\u00e1m\u00e1ra, hogy r\u00e9szt vegyenek a keresletre reag\u00e1l\u00f3 kezdem\u00e9nyez\u00e9sekben \u00e9s h\u00e1l\u00f3zati szolg\u00e1ltat\u00e1sokat ny\u00fajtsanak, ami tov\u00e1bbi bev\u00e9teleket gener\u00e1l \u00e9s n\u00f6veli a h\u00e1l\u00f3zat \u00e1ltal\u00e1nos stabilit\u00e1s\u00e1t.<\/p><p><strong>5. Jav\u00edtott energiahat\u00e9konys\u00e1g :<\/strong>\u00a0Seg\u00edt a v\u00e1llalkoz\u00e1soknak optimaliz\u00e1lni az energiafelhaszn\u00e1l\u00e1st \u00e9s cs\u00f6kkenteni a teljes energiafogyaszt\u00e1st a t\u00e1rolt energia felhaszn\u00e1l\u00e1s\u00e1val az energiaig\u00e9ny ingadoz\u00e1sainak kezel\u00e9s\u00e9re.<\/p><p><strong>6. Fokozott teljes\u00edtm\u00e9nystabilit\u00e1s :<\/strong>\u00a0Jav\u00edtja az energia min\u0151s\u00e9g\u00e9t a fesz\u00fclts\u00e9g szab\u00e1lyoz\u00e1s\u00e1val \u00e9s a helyi h\u00e1l\u00f3zati infrastrukt\u00far\u00e1n bel\u00fcli ingadoz\u00e1sok m\u00e9rs\u00e9kl\u00e9s\u00e9vel.<\/p>\t\t\t\t\t\t<\/div>\n\t\t\t\t<\/div>\n\t\t\t\t\t<\/div>\n\t\t\t\t<\/div>\n\t\t\t\t<\/div>\n\t\t\t\t\t<\/details>\n\t\t\t\t\t<\/div>\n\t\t\t\t\t<script type=\"application\/ld+json\">{\n    \"@context\": \"https:\\\/\\\/schema.org\",\n    \"@type\": \"FAQPage\",\n    \"mainEntity\": [\n        {\n            \"@type\": \"Question\",\n            \"name\": \"What is a C&I energy storage system?\",\n            \"acceptedAnswer\": {\n                \"@type\": \"Answer\",\n                \"text\": \"A Commercial and Industrial (C&amp;I) energy storage system is specifically designed for applications in commercial and industrial sectors, including factories, office buildings, data centers, schools, and shopping centers. These systems enable businesses and organizations to optimize energy consumption, reduce costs, ensure backup power, and facilitate the integration of renewable energy sources.C&amp;I energy storage systems typically feature larger capacities than residential counterparts to meet the higher energy demands of commercial and industrial facilities. The predominant technology employed in these systems is battery-based, often utilizing lithium-ion batteries for their superior energy density, extended cycle life, and efficiency. However, depending on the specific energy requirements and operational conditions of the facility, other energy storage technologies such as thermal energy storage, mechanical energy storage, and hydrogen energy storage may also find application in C&amp;I settings.\"\n            }\n        },\n        {\n            \"@type\": \"Question\",\n            \"name\": \"How does a C&I energy storage system work?\",\n            \"acceptedAnswer\": {\n                \"@type\": \"Answer\",\n                \"text\": \"A Commercial and Industrial (C&amp;I) energy storage system operates similarly to residential systems but on a larger scale to meet the higher energy demands of commercial and industrial facilities.These systems store electricity from renewable sources like solar panels or the grid during off-peak times. A battery management system (BMS) ensures safe and efficient charging. The stored energy is converted from direct current (DC) to alternating current (AC) by an inverter to power equipment and devices.Advanced monitoring allows facility managers to track energy generation, storage, and consumption in real-time. This capability optimizes energy usage, lowers costs, and supports grid interaction through demand response programs and exporting surplus renewable energy.C&amp;I energy storage systems enhance energy efficiency, reduce costs, and support sustainability efforts for businesses.\"\n            }\n        },\n        {\n            \"@type\": \"Question\",\n            \"name\": \"What are the benefits of a C&I energy storage system?\",\n            \"acceptedAnswer\": {\n                \"@type\": \"Answer\",\n                \"text\": \"1. Peak Demand Management &amp; Load Shifting :\\u00a0Assist businesses in reducing energy costs and enhancing energy management by utilizing stored energy during periods of peak electricity demand.2. Backup Power :\\u00a0Provide emergency power, minimizing downtime and potential revenue losses, while also bolstering facility resilience and reliability.3. Integration of Renewable Energy :\\u00a0Optimize the utilization of renewable energy sources, supporting sustainability goals and compliance with renewable energy mandates.4. Grid Support :\\u00a0Enable commercial and industrial facilities to participate in demand response initiatives and provide grid services, generating additional revenue and enhancing overall grid stability.5. Improved Energy Efficiency :\\u00a0Help businesses optimize energy usage and decrease overall energy consumption by utilizing stored energy to manage fluctuations in energy demand.6. Enhanced Power Stability :\\u00a0Improve power quality by regulating voltage and mitigating fluctuations within the local grid infrastructure.\"\n            }\n        }\n    ]\n}<\/script>\n\t\t\t\t\t<\/div>\n\t\t\t\t<\/div>\n\t\t\t\t\t<\/div>\n\t\t\t\t<\/div>\n\t\t\t\t<\/div>","protected":false},"excerpt":{"rendered":"<ul>\n<li><strong>Modell:<\/strong>\u00a0Kamada Power\u00a0<a href=\"https:\/\/www.kmdpower.com\/hu\/kamada-power-215kwh-commercial-energy-storage-systems-product\/\"><strong>200 kwh akkumul\u00e1tor<\/strong><\/a>\u00a0Kereskedelmi energiat\u00e1rol\u00f3 rendszerek<\/li>\n<li><strong>S\u00faly:<\/strong>\u00a02000 \/ 2200KGS<\/li>\n<li><strong>Kapacit\u00e1s:\u00a0<\/strong>215 kWh<\/li>\n<li><strong>N\u00e9vleges teljes\u00edtm\u00e9ny:<\/strong>100kw<\/li>\n<li><strong>M\u00e9retek:<\/strong>\u00a02360*1600*1000 mm<\/li>\n<li><strong>Tan\u00fas\u00edtv\u00e1ny:<\/strong>\u00a0Akkumul\u00e1tor-csomag IEC 62619 UN38.3<\/li>\n<li><strong>215kwh energiat\u00e1rol\u00f3 rendszer gy\u00e1rt\u00f3k:<\/strong>\u00a0Kamada Power<\/li>\n<li><strong>Akkumul\u00e1tor t\u00edpusa: Akkumul\u00e1tor t\u00edpusa:<\/strong>\u00a0LifePO4 Pack 3.2V \/ 280Ah,1P16S<\/li>\n<li><strong>F\u0151 jellemz\u0151k:<\/strong>\u00a0T\u00e1mogatja a k\u00f6z\u00fczemi, napenergia, gener\u00e1tor t\u00f6bbszabv\u00e1nyos hozz\u00e1f\u00e9r\u00e9st, modul\u00e1ris p\u00e1rhuzamos, intelligens vizualiz\u00e1ci\u00f3-kezel\u00e9s, rendszerintegr\u00e1ci\u00f3s sz\u00e1ll\u00edt\u00e1s, a terhel\u00e9shez val\u00f3 helysz\u00edni hozz\u00e1f\u00e9r\u00e9s haszn\u00e1lhat\u00f3, nincs sz\u00fcks\u00e9g hibakeres\u00e9sre<\/li>\n<li><strong>Akkumul\u00e1tor-t\u00e1mogat\u00e1s:<\/strong>\u00a0Nagykereskedelem, OEM.ODM Egyedi 215kwh energiat\u00e1rol\u00f3 rendszer<\/li>\n<li><strong>Garancia:<\/strong>\u00a010 \u00e9v<\/li>\n<li><strong>Sz\u00e1ll\u00edt\u00e1si id\u0151:<\/strong>\u00a07-14 nap mint\u00e1khoz, 35-60 nap t\u00f6megtermel\u00e9shez<\/li>\n<li><strong>Kamada Power akkumul\u00e1tor term\u00e9kek t\u00e1mogat\u00e1sa Nagykereskedelem, forgalmaz\u00f3k \u00e9s OEM ODM egyedi akkumul\u00e1tor. K\u00e9rj\u00fck,\u00a0<a title=\"Kapcsolat Kamada Power\" href=\"https:\/\/www.kmdpower.com\/hu\/contact-us\/\" target=\"_blank\" rel=\"noopener\">Kapcsolatfelv\u00e9tel<\/a>!<\/strong><\/li>\n<\/ul>","protected":false},"featured_media":1257,"template":"","meta":{"rank_math_lock_modified_date":false,"_kad_post_transparent":"default","_kad_post_title":"","_kad_post_layout":"default","_kad_post_sidebar_id":"","_kad_post_content_style":"default","_kad_post_vertical_padding":"default","_kad_post_feature":"","_kad_post_feature_position":"","_kad_post_header":false,"_kad_post_footer":false},"product_cat":[17,35],"product_tag":[83,81,582],"class_list":{"0":"post-2367","1":"product","2":"type-product","3":"status-publish","4":"has-post-thumbnail","6":"product_cat-home-energy-storage-system","7":"product_cat-commercial-energy-storage-systems","8":"product_tag-200-kwh-battery","9":"product_tag-ci-energy-storage","10":"product_tag-industrial-solar-batteries","12":"first","13":"instock","14":"shipping-taxable","15":"product-type-simple","16":"entry","17":"content-bg","18":"loop-entry"},"_links":{"self":[{"href":"https:\/\/www.kmdpower.com\/hu\/wp-json\/wp\/v2\/product\/2367","targetHints":{"allow":["GET"]}}],"collection":[{"href":"https:\/\/www.kmdpower.com\/hu\/wp-json\/wp\/v2\/product"}],"about":[{"href":"https:\/\/www.kmdpower.com\/hu\/wp-json\/wp\/v2\/types\/product"}],"version-history":[{"count":6,"href":"https:\/\/www.kmdpower.com\/hu\/wp-json\/wp\/v2\/product\/2367\/revisions"}],"predecessor-version":[{"id":4255,"href":"https:\/\/www.kmdpower.com\/hu\/wp-json\/wp\/v2\/product\/2367\/revisions\/4255"}],"wp:featuredmedia":[{"embeddable":true,"href":"https:\/\/www.kmdpower.com\/hu\/wp-json\/wp\/v2\/media\/1257"}],"wp:attachment":[{"href":"https:\/\/www.kmdpower.com\/hu\/wp-json\/wp\/v2\/media?parent=2367"}],"wp:term":[{"taxonomy":"product_cat","embeddable":true,"href":"https:\/\/www.kmdpower.com\/hu\/wp-json\/wp\/v2\/product_cat?post=2367"},{"taxonomy":"product_tag","embeddable":true,"href":"https:\/\/www.kmdpower.com\/hu\/wp-json\/wp\/v2\/product_tag?post=2367"}],"curies":[{"name":"wp","href":"https:\/\/api.w.org\/{rel}","templated":true}]}}